{"id":9713,"date":"2023-11-27T09:51:17","date_gmt":"2023-11-27T09:51:17","guid":{"rendered":"https:\/\/trasimenomusicfestival.com\/?post_type=tribe_events&#038;p=9713"},"modified":"2024-12-03T15:49:09","modified_gmt":"2024-12-03T15:49:09","slug":"jordi-savall-from-east-to-west","status":"publish","type":"tribe_events","link":"https:\/\/trasimenomusicfestival.com\/it\/event\/jordi-savall-from-east-to-west\/","title":{"rendered":"Jordi Savall: da Oriente ad Occidente"},"content":{"rendered":"Jordi Savall (viola da gamba)<br \/>\nHakan G\u00fcg\u00f6r (kanun)<br \/>\nDimitri Psonis (santur, liuto, chitarra moresca, percussioni)<\/p>\n<p>Dibattito prima del concerto alle ore 20.<\/p>\n<p><em>Un Dialogo delle Anime<\/em><br \/>\nAscoltare queste musiche di Oriente e di Occidente, ingegnosamente raccolte da Jordi Savall, non \u00e8 un\u2019esperienza qualunque. Perch\u00e9 all\u2019emozione estetica si aggiunge un sentimento ancora pi\u00f9 intenso, quello di comunicare, per incanto, con un\u2019umanit\u00e0 riconciliata.<\/p>\n<p>Questa non ha forse perso un po\u2019 della sua anima nella seconda met\u00e0 del XV secolo, all\u2019epoca della morte simultanea di Sefarad e di al-Andalus, quaranta anni dopo il crollo di Bisanzio? Tra l\u2019Oriente e l\u2019Occidente sono state distrutte delle passerelle mentali e spirituali che non sono state mai pi\u00f9 riparate. Il Mediterraneo ha smesso di essere quel mare fertile situato al centro del nostro universo culturale, per non essere altro che un campo di battaglia, e una barriera.<br \/>\nOggi, il nostro mare comune \u00e8 il luogo dove si erge la Muraglia invisibile che divide il pianeta tra Nord impaurito e Sud disperato; e tra comunit\u00e0 planetarie che hanno preso l\u2019abitudine di diffidare dell\u2019\u201caltra\u201d e di tenersene lontano. Il mondo arabo ed il mondo ebraico sembrano avere dimenticato la loro feconda parentela di un tempo; l\u2019Oriente musulmano e l\u2019Occidente di tradizione cristiana sembrano chiusi in un confronto senza uscita.<\/p>\n<p>Per ridare alla nostra umanit\u00e0 disorientata qualche segno di speranza, occorre andare ben al di l\u00e0 di un dialogo delle culture e delle credenze, verso un dialogo delle anime. Tale \u00e8, in questo inizio del XXI secolo, la missione insostituibile dell\u2019arte. Ed \u00e8 precisamente ci\u00f2 che proviamo all\u2019ascolto di queste splendide musiche venute da epoche e da terre diverse. Improvvisamente scopriamo, o riscopriamo, che le civilt\u00e0 che ci sembravano lontane le une dalle altre, e addirittura nemiche, sono straordinariamente vicine, straordinariamente complici. <\/p>\n<p>Nel corso di questo viaggio nel tempo e nello spazio, ci chiediamo ad ogni istante se i conflitti ai quali siamo abituati non siano ingannevoli, in fin dei conti, e se la verit\u00e0 degli uomini e delle culture non stia piuttosto in questo dialogo degli strumenti, degli accordi, delle cadenze, dei gesti e dei respiri. Sale allora in noi un sentimento di gioia profonda, frutto di un atto di fede: la diversit\u00e0 non \u00e8 necessariamente un preludio all\u2019ostilit\u00e0; le nostre culture non sono chiuse dentro paratie stagne; il nostro mondo non \u00e8 condannato a lacerazioni senza fine; pu\u00f2 ancora essere salvato&#8230;<br \/>\nNon \u00e8 qui, del resto, dall\u2019inizio dell\u2019avventura umana, la ragione prima dell\u2019arte?<\/p>\n<p><em>Amin Maalouf<\/em>","protected":false},"excerpt":{"rendered":"<p>Jordi Savall (viola da gamba)<br \/>\nHakan G\u00fcg\u00f6r (kanun)<br \/>\nDimitri Psonis (santur, liuto, chitarra moresca, percussioni)<br \/>\n<em>Un Dialogo delle Anime<\/em><\/p>\n<a class=\"readmore\" href=\"https:\/\/trasimenomusicfestival.com\/it\/event\/jordi-savall-from-east-to-west\/\"><span>leggi tutto<\/span><\/a>","protected":false},"author":2,"featured_media":9784,"comment_status":"closed","ping_status":"closed","template":"","meta":{"_monsterinsights_skip_tracking":false,"_monsterinsights_sitenote_active":false,"_monsterinsights_sitenote_note":"","_monsterinsights_sitenote_category":0,"_tribe_events_status":"","_tribe_events_status_reason":"","footnotes":""},"tags":[],"tribe_events_cat":[147],"class_list":["post-9713","tribe_events","type-tribe_events","status-publish","has-post-thumbnail","hentry","tribe_events_cat-trasimeno-2024","cat_trasimeno-2024"],"yoast_head":"<!-- This site is optimized with the Yoast SEO plugin v27.4 - https:\/\/yoast.com\/product\/yoast-seo-wordpress\/ -->\n<title>Jordi Savall: da Oriente ad Occidente - Trasimeno Music Festival<\/title>\n<meta name=\"description\" content=\"Jordi Savall (viola da gamba) \/ Hakan G\u00fcg\u00f6r (kanun) \/ Dimitri Psonis (santur, lute, guitare moresc, percussion) \/ Pre-concert talk \/ A Dialogue of Souls\" \/>\n<meta name=\"robots\" content=\"index, follow, max-snippet:-1, max-image-preview:large, max-video-preview:-1\" \/>\n<link rel=\"canonical\" href=\"https:\/\/trasimenomusicfestival.com\/event\/jordi-savall-from-east-to-west\/\" \/>\n<meta name=\"twitter:card\" content=\"summary_large_image\" \/>\n<meta name=\"twitter:title\" content=\"[:en]Jordi Savall: From East to West[:it]Jordi Savall: da Oriente ad Occidente[:] - Trasimeno Music Festival\" \/>\n<meta name=\"twitter:description\" content=\"Jordi Savall (viola da gamba) \/ Hakan G\u00fcg\u00f6r (kanun) \/ Dimitri Psonis (santur, lute, guitare moresc, percussion) \/ Pre-concert talk \/ A Dialogue of Souls\" \/>\n<meta name=\"twitter:image\" content=\"https:\/\/trasimenomusicfestival.com\/os\/wp-content\/uploads\/2023\/11\/TMF-2024-JORDI-SAVALL.jpg\" \/>\n<meta name=\"twitter:site\" content=\"@TrasimenoMusic\" \/>\n<meta name=\"twitter:label1\" content=\"Tempo di lettura stimato\" \/>\n\t<meta name=\"twitter:data1\" content=\"4 minuti\" \/>\n<script type=\"application\/ld+json\" class=\"yoast-schema-graph\">{\"@context\":\"https:\\\/\\\/schema.org\",\"@graph\":[{\"@type\":\"WebPage\",\"@id\":\"https:\\\/\\\/trasimenomusicfestival.com\\\/event\\\/jordi-savall-from-east-to-west\\\/\",\"url\":\"https:\\\/\\\/trasimenomusicfestival.com\\\/event\\\/jordi-savall-from-east-to-west\\\/\",\"name\":\"[:en]Jordi Savall: From East to West[:it]Jordi Savall: da Oriente ad Occidente[:] - Trasimeno Music Festival\",\"isPartOf\":{\"@id\":\"https:\\\/\\\/trasimenomusicfestival.com\\\/#website\"},\"primaryImageOfPage\":{\"@id\":\"https:\\\/\\\/trasimenomusicfestival.com\\\/event\\\/jordi-savall-from-east-to-west\\\/#primaryimage\"},\"image\":{\"@id\":\"https:\\\/\\\/trasimenomusicfestival.com\\\/event\\\/jordi-savall-from-east-to-west\\\/#primaryimage\"},\"thumbnailUrl\":\"https:\\\/\\\/trasimenomusicfestival.com\\\/os\\\/wp-content\\\/uploads\\\/2023\\\/11\\\/TMF-2024-JORDI-SAVALL.jpg\",\"datePublished\":\"2023-11-27T09:51:17+00:00\",\"dateModified\":\"2024-12-03T15:49:09+00:00\",\"description\":\"Jordi Savall (viola da gamba) \\\/ Hakan G\u00fcg\u00f6r (kanun) \\\/ Dimitri Psonis (santur, lute, guitare moresc, percussion) \\\/ Pre-concert talk \\\/ A Dialogue of Souls\",\"breadcrumb\":{\"@id\":\"https:\\\/\\\/trasimenomusicfestival.com\\\/event\\\/jordi-savall-from-east-to-west\\\/#breadcrumb\"},\"inLanguage\":\"it-IT\",\"potentialAction\":[{\"@type\":\"ReadAction\",\"target\":[\"https:\\\/\\\/trasimenomusicfestival.com\\\/event\\\/jordi-savall-from-east-to-west\\\/\"]}]},{\"@type\":\"ImageObject\",\"inLanguage\":\"it-IT\",\"@id\":\"https:\\\/\\\/trasimenomusicfestival.com\\\/event\\\/jordi-savall-from-east-to-west\\\/#primaryimage\",\"url\":\"https:\\\/\\\/trasimenomusicfestival.com\\\/os\\\/wp-content\\\/uploads\\\/2023\\\/11\\\/TMF-2024-JORDI-SAVALL.jpg\",\"contentUrl\":\"https:\\\/\\\/trasimenomusicfestival.com\\\/os\\\/wp-content\\\/uploads\\\/2023\\\/11\\\/TMF-2024-JORDI-SAVALL.jpg\",\"width\":650,\"height\":285},{\"@type\":\"BreadcrumbList\",\"@id\":\"https:\\\/\\\/trasimenomusicfestival.com\\\/event\\\/jordi-savall-from-east-to-west\\\/#breadcrumb\",\"itemListElement\":[{\"@type\":\"ListItem\",\"position\":1,\"name\":\"Home\",\"item\":\"https:\\\/\\\/trasimenomusicfestival.com\\\/\"},{\"@type\":\"ListItem\",\"position\":2,\"name\":\"Events\",\"item\":\"https:\\\/\\\/trasimenomusicfestival.com\\\/it\\\/events\\\/\"},{\"@type\":\"ListItem\",\"position\":3,\"name\":\"Jordi Savall: From East to West\"}]},{\"@type\":\"WebSite\",\"@id\":\"https:\\\/\\\/trasimenomusicfestival.com\\\/#website\",\"url\":\"https:\\\/\\\/trasimenomusicfestival.com\\\/\",\"name\":\"Trasimeno Music Festival\",\"description\":\"Concerti estivi in Umbria e sulle rive del Lago Trasimeno.\",\"publisher\":{\"@id\":\"https:\\\/\\\/trasimenomusicfestival.com\\\/#organization\"},\"potentialAction\":[{\"@type\":\"SearchAction\",\"target\":{\"@type\":\"EntryPoint\",\"urlTemplate\":\"https:\\\/\\\/trasimenomusicfestival.com\\\/?s={search_term_string}\"},\"query-input\":{\"@type\":\"PropertyValueSpecification\",\"valueRequired\":true,\"valueName\":\"search_term_string\"}}],\"inLanguage\":\"it-IT\"},{\"@type\":\"Organization\",\"@id\":\"https:\\\/\\\/trasimenomusicfestival.com\\\/#organization\",\"name\":\"Trasimeno Music Festival\",\"url\":\"https:\\\/\\\/trasimenomusicfestival.com\\\/\",\"logo\":{\"@type\":\"ImageObject\",\"inLanguage\":\"it-IT\",\"@id\":\"https:\\\/\\\/trasimenomusicfestival.com\\\/#\\\/schema\\\/logo\\\/image\\\/\",\"url\":\"https:\\\/\\\/trasimenomusicfestival.com\\\/os\\\/wp-content\\\/uploads\\\/2018\\\/08\\\/TMF-logo.jpg\",\"contentUrl\":\"https:\\\/\\\/trasimenomusicfestival.com\\\/os\\\/wp-content\\\/uploads\\\/2018\\\/08\\\/TMF-logo.jpg\",\"width\":1280,\"height\":854,\"caption\":\"Trasimeno Music Festival\"},\"image\":{\"@id\":\"https:\\\/\\\/trasimenomusicfestival.com\\\/#\\\/schema\\\/logo\\\/image\\\/\"},\"sameAs\":[\"https:\\\/\\\/www.facebook.com\\\/pages\\\/Trasimeno-Music-Festival\\\/133308716785209\",\"https:\\\/\\\/x.com\\\/TrasimenoMusic\",\"https:\\\/\\\/www.youtube.com\\\/channel\\\/UC-FOdrJ8yYapx2cweIM3fYA\"]}]}<\/script>\n<!-- \/ Yoast SEO plugin. -->","yoast_head_json":{"title":"Jordi Savall: da Oriente ad Occidente - Trasimeno Music Festival","description":"Jordi Savall (viola da gamba) \/ Hakan G\u00fcg\u00f6r (kanun) \/ Dimitri Psonis (santur, lute, guitare moresc, percussion) \/ Pre-concert talk \/ A Dialogue of Souls","robots":{"index":"index","follow":"follow","max-snippet":"max-snippet:-1","max-image-preview":"max-image-preview:large","max-video-preview":"max-video-preview:-1"},"canonical":"https:\/\/trasimenomusicfestival.com\/event\/jordi-savall-from-east-to-west\/","twitter_card":"summary_large_image","twitter_title":"[:en]Jordi Savall: From East to West[:it]Jordi Savall: da Oriente ad Occidente[:] - Trasimeno Music Festival","twitter_description":"Jordi Savall (viola da gamba) \/ Hakan G\u00fcg\u00f6r (kanun) \/ Dimitri Psonis (santur, lute, guitare moresc, percussion) \/ Pre-concert talk \/ A Dialogue of Souls","twitter_image":"https:\/\/trasimenomusicfestival.com\/os\/wp-content\/uploads\/2023\/11\/TMF-2024-JORDI-SAVALL.jpg","twitter_site":"@TrasimenoMusic","twitter_misc":{"Tempo di lettura stimato":"4 minuti"},"schema":{"@context":"https:\/\/schema.org","@graph":[{"@type":"WebPage","@id":"https:\/\/trasimenomusicfestival.com\/event\/jordi-savall-from-east-to-west\/","url":"https:\/\/trasimenomusicfestival.com\/event\/jordi-savall-from-east-to-west\/","name":"[:en]Jordi Savall: From East to West[:it]Jordi Savall: da Oriente ad Occidente[:] - Trasimeno Music Festival","isPartOf":{"@id":"https:\/\/trasimenomusicfestival.com\/#website"},"primaryImageOfPage":{"@id":"https:\/\/trasimenomusicfestival.com\/event\/jordi-savall-from-east-to-west\/#primaryimage"},"image":{"@id":"https:\/\/trasimenomusicfestival.com\/event\/jordi-savall-from-east-to-west\/#primaryimage"},"thumbnailUrl":"https:\/\/trasimenomusicfestival.com\/os\/wp-content\/uploads\/2023\/11\/TMF-2024-JORDI-SAVALL.jpg","datePublished":"2023-11-27T09:51:17+00:00","dateModified":"2024-12-03T15:49:09+00:00","description":"Jordi Savall (viola da gamba) \/ Hakan G\u00fcg\u00f6r (kanun) \/ Dimitri Psonis (santur, lute, guitare moresc, percussion) \/ Pre-concert talk \/ A Dialogue of Souls","breadcrumb":{"@id":"https:\/\/trasimenomusicfestival.com\/event\/jordi-savall-from-east-to-west\/#breadcrumb"},"inLanguage":"it-IT","potentialAction":[{"@type":"ReadAction","target":["https:\/\/trasimenomusicfestival.com\/event\/jordi-savall-from-east-to-west\/"]}]},{"@type":"ImageObject","inLanguage":"it-IT","@id":"https:\/\/trasimenomusicfestival.com\/event\/jordi-savall-from-east-to-west\/#primaryimage","url":"https:\/\/trasimenomusicfestival.com\/os\/wp-content\/uploads\/2023\/11\/TMF-2024-JORDI-SAVALL.jpg","contentUrl":"https:\/\/trasimenomusicfestival.com\/os\/wp-content\/uploads\/2023\/11\/TMF-2024-JORDI-SAVALL.jpg","width":650,"height":285},{"@type":"BreadcrumbList","@id":"https:\/\/trasimenomusicfestival.com\/event\/jordi-savall-from-east-to-west\/#breadcrumb","itemListElement":[{"@type":"ListItem","position":1,"name":"Home","item":"https:\/\/trasimenomusicfestival.com\/"},{"@type":"ListItem","position":2,"name":"Events","item":"https:\/\/trasimenomusicfestival.com\/it\/events\/"},{"@type":"ListItem","position":3,"name":"Jordi Savall: From East to West"}]},{"@type":"WebSite","@id":"https:\/\/trasimenomusicfestival.com\/#website","url":"https:\/\/trasimenomusicfestival.com\/","name":"Trasimeno Music Festival","description":"Concerti estivi in Umbria e sulle rive del Lago Trasimeno.","publisher":{"@id":"https:\/\/trasimenomusicfestival.com\/#organization"},"potentialAction":[{"@type":"SearchAction","target":{"@type":"EntryPoint","urlTemplate":"https:\/\/trasimenomusicfestival.com\/?s={search_term_string}"},"query-input":{"@type":"PropertyValueSpecification","valueRequired":true,"valueName":"search_term_string"}}],"inLanguage":"it-IT"},{"@type":"Organization","@id":"https:\/\/trasimenomusicfestival.com\/#organization","name":"Trasimeno Music Festival","url":"https:\/\/trasimenomusicfestival.com\/","logo":{"@type":"ImageObject","inLanguage":"it-IT","@id":"https:\/\/trasimenomusicfestival.com\/#\/schema\/logo\/image\/","url":"https:\/\/trasimenomusicfestival.com\/os\/wp-content\/uploads\/2018\/08\/TMF-logo.jpg","contentUrl":"https:\/\/trasimenomusicfestival.com\/os\/wp-content\/uploads\/2018\/08\/TMF-logo.jpg","width":1280,"height":854,"caption":"Trasimeno Music Festival"},"image":{"@id":"https:\/\/trasimenomusicfestival.com\/#\/schema\/logo\/image\/"},"sameAs":["https:\/\/www.facebook.com\/pages\/Trasimeno-Music-Festival\/133308716785209","https:\/\/x.com\/TrasimenoMusic","https:\/\/www.youtube.com\/channel\/UC-FOdrJ8yYapx2cweIM3fYA"]}]}},"_links":{"self":[{"href":"https:\/\/trasimenomusicfestival.com\/it\/wp-json\/wp\/v2\/tribe_events\/9713","targetHints":{"allow":["GET"]}}],"collection":[{"href":"https:\/\/trasimenomusicfestival.com\/it\/wp-json\/wp\/v2\/tribe_events"}],"about":[{"href":"https:\/\/trasimenomusicfestival.com\/it\/wp-json\/wp\/v2\/types\/tribe_events"}],"author":[{"embeddable":true,"href":"https:\/\/trasimenomusicfestival.com\/it\/wp-json\/wp\/v2\/users\/2"}],"replies":[{"embeddable":true,"href":"https:\/\/trasimenomusicfestival.com\/it\/wp-json\/wp\/v2\/comments?post=9713"}],"version-history":[{"count":14,"href":"https:\/\/trasimenomusicfestival.com\/it\/wp-json\/wp\/v2\/tribe_events\/9713\/revisions"}],"predecessor-version":[{"id":10327,"href":"https:\/\/trasimenomusicfestival.com\/it\/wp-json\/wp\/v2\/tribe_events\/9713\/revisions\/10327"}],"wp:featuredmedia":[{"embeddable":true,"href":"https:\/\/trasimenomusicfestival.com\/it\/wp-json\/wp\/v2\/media\/9784"}],"wp:attachment":[{"href":"https:\/\/trasimenomusicfestival.com\/it\/wp-json\/wp\/v2\/media?parent=9713"}],"wp:term":[{"taxonomy":"post_tag","embeddable":true,"href":"https:\/\/trasimenomusicfestival.com\/it\/wp-json\/wp\/v2\/tags?post=9713"},{"taxonomy":"tribe_events_cat","embeddable":true,"href":"https:\/\/trasimenomusicfestival.com\/it\/wp-json\/wp\/v2\/tribe_events_cat?post=9713"}],"curies":[{"name":"wp","href":"https:\/\/api.w.org\/{rel}","templated":true}]}}