{"id":8715,"date":"2023-01-10T09:42:04","date_gmt":"2023-01-10T09:42:04","guid":{"rendered":"https:\/\/trasimenomusicfestival.com\/?post_type=tribe_events&#038;p=8715"},"modified":"2023-06-28T13:20:45","modified_gmt":"2023-06-28T12:20:45","slug":"chamber-music-in-magione-23","status":"publish","type":"tribe_events","link":"https:\/\/trasimenomusicfestival.com\/it\/event\/chamber-music-in-magione-23\/","title":{"rendered":"Musica da camera a Magione"},"content":{"rendered":"Petrit \u00c7eku, chitarra e mandolino<br \/>\nBenjamin Schmid, violino<br \/>\nFlorian Eggner, violoncello<br \/>\nAngela Hewitt, fortepiano<\/p>\n<p><em>Beethoven: Andante e Variazioni in re maggiore per mandolino e fortepiano, WoO 44b, Hess 45<br \/>\nBoccherini: Introduzione e Fandango per chitarra e fortepiano (dal Quintetto con chitarra in re maggiore, G. 448)<br \/>\nHaydn: Andante e variazioni in fa minore &#8216;Sonata, Un piccolo divertimento&#8217;, Hob XVII:6<br \/>\nMozart: Sonata in la maggiore, K331 (\u201cMarcia turca\u201d)<br \/>\nPaganini: Terzetto concertante in re maggiore, op. 66, MS 69, per violino, violoncello e chitarra<\/em><\/p>\n<p>Sapevate che Beethoven ha scritto alcune opere per mandolino e pianoforte? E che Paganini fosse anche un brillante chitarrista? E che Angela Hewitt suonasse il fortepiano? Il programma di questa sera vi dar\u00e0 la possibilit\u00e0 di scoprire tutto questo, e introdurr\u00e0 tre illustri solisti al Trasimeno Music Festival per la prima volta. Emozionante!<\/p>\n<p>Concerto senza intervallo<\/p>\n<p>Dibattito pre-concerto con Eric Friesen e gli artisti alle ore 20","protected":false},"excerpt":{"rendered":"<p>Petrit \u00c7eku, chitarra e mandolino<br \/>\nBenjamin Schmid, violino<br \/>\nFlorian Eggner, violoncello<br \/>\nAngela Hewitt, fortepiano<br \/>\n<em>Beethoven, Mozart, Haydn, Boccherini, Paganini<\/em><br \/>\nDibattito pre-concerto con Eric Friesen e gli artisti alle ore 20<\/p>\n<a class=\"readmore\" href=\"https:\/\/trasimenomusicfestival.com\/it\/event\/chamber-music-in-magione-23\/\"><span>leggi tutto<\/span><\/a>","protected":false},"author":2,"featured_media":8757,"comment_status":"closed","ping_status":"closed","template":"","meta":{"_monsterinsights_skip_tracking":false,"_monsterinsights_sitenote_active":false,"_monsterinsights_sitenote_note":"","_monsterinsights_sitenote_category":0,"_tribe_events_status":"","_tribe_events_status_reason":"","footnotes":""},"tags":[],"tribe_events_cat":[134],"class_list":["post-8715","tribe_events","type-tribe_events","status-publish","has-post-thumbnail","hentry","tribe_events_cat-trasimeno-2023","cat_trasimeno-2023"],"yoast_head":"<!-- This site is optimized with the Yoast SEO plugin v27.5 - https:\/\/yoast.com\/product\/yoast-seo-wordpress\/ -->\n<title>Musica da camera a Magione - Trasimeno Music Festival<\/title>\n<meta name=\"description\" content=\"Petrit \u00c7eku, guitar and mandolin; Benjamin Schmid, violin; Florian Eggner, cello; Angela Hewitt, fortepiano \/ Beethoven, Mozart, Haydn, Boccherini, Paganini \/ Pre-concert talk with Eric Friesen and the artists at 8 p.m.\" \/>\n<meta name=\"robots\" content=\"index, follow, max-snippet:-1, max-image-preview:large, max-video-preview:-1\" \/>\n<link rel=\"canonical\" href=\"https:\/\/trasimenomusicfestival.com\/event\/chamber-music-in-magione-23\/\" \/>\n<meta name=\"twitter:card\" content=\"summary_large_image\" \/>\n<meta name=\"twitter:title\" content=\"[:en]Chamber Music in Magione[:it]Musica da camera a Magione[:] - Trasimeno Music Festival\" \/>\n<meta name=\"twitter:description\" content=\"Petrit \u00c7eku, guitar and mandolin; Benjamin Schmid, violin; Florian Eggner, cello; Angela Hewitt, fortepiano \/ Beethoven, Mozart, Haydn, Boccherini, Paganini \/ Pre-concert talk with Eric Friesen and the artists at 8 p.m.\" \/>\n<meta name=\"twitter:image\" content=\"https:\/\/trasimenomusicfestival.com\/os\/wp-content\/uploads\/2023\/01\/TMF23_05-PetritBenjaminFlorianAngela.jpg\" \/>\n<meta name=\"twitter:site\" content=\"@TrasimenoMusic\" \/>\n<meta name=\"twitter:label1\" content=\"Tempo di lettura stimato\" \/>\n\t<meta name=\"twitter:data1\" content=\"1 minuto\" \/>\n<script type=\"application\/ld+json\" class=\"yoast-schema-graph\">{\"@context\":\"https:\\\/\\\/schema.org\",\"@graph\":[{\"@type\":\"WebPage\",\"@id\":\"https:\\\/\\\/trasimenomusicfestival.com\\\/event\\\/chamber-music-in-magione-23\\\/\",\"url\":\"https:\\\/\\\/trasimenomusicfestival.com\\\/event\\\/chamber-music-in-magione-23\\\/\",\"name\":\"[:en]Chamber Music in Magione[:it]Musica da camera a Magione[:] - Trasimeno Music Festival\",\"isPartOf\":{\"@id\":\"https:\\\/\\\/trasimenomusicfestival.com\\\/#website\"},\"primaryImageOfPage\":{\"@id\":\"https:\\\/\\\/trasimenomusicfestival.com\\\/event\\\/chamber-music-in-magione-23\\\/#primaryimage\"},\"image\":{\"@id\":\"https:\\\/\\\/trasimenomusicfestival.com\\\/event\\\/chamber-music-in-magione-23\\\/#primaryimage\"},\"thumbnailUrl\":\"https:\\\/\\\/trasimenomusicfestival.com\\\/os\\\/wp-content\\\/uploads\\\/2023\\\/01\\\/TMF23_05-PetritBenjaminFlorianAngela.jpg\",\"datePublished\":\"2023-01-10T09:42:04+00:00\",\"dateModified\":\"2023-06-28T12:20:45+00:00\",\"description\":\"Petrit \u00c7eku, guitar and mandolin; Benjamin Schmid, violin; Florian Eggner, cello; Angela Hewitt, fortepiano \\\/ Beethoven, Mozart, Haydn, Boccherini, Paganini \\\/ Pre-concert talk with Eric Friesen and the artists at 8 p.m.\",\"breadcrumb\":{\"@id\":\"https:\\\/\\\/trasimenomusicfestival.com\\\/event\\\/chamber-music-in-magione-23\\\/#breadcrumb\"},\"inLanguage\":\"it-IT\",\"potentialAction\":[{\"@type\":\"ReadAction\",\"target\":[\"https:\\\/\\\/trasimenomusicfestival.com\\\/event\\\/chamber-music-in-magione-23\\\/\"]}]},{\"@type\":\"ImageObject\",\"inLanguage\":\"it-IT\",\"@id\":\"https:\\\/\\\/trasimenomusicfestival.com\\\/event\\\/chamber-music-in-magione-23\\\/#primaryimage\",\"url\":\"https:\\\/\\\/trasimenomusicfestival.com\\\/os\\\/wp-content\\\/uploads\\\/2023\\\/01\\\/TMF23_05-PetritBenjaminFlorianAngela.jpg\",\"contentUrl\":\"https:\\\/\\\/trasimenomusicfestival.com\\\/os\\\/wp-content\\\/uploads\\\/2023\\\/01\\\/TMF23_05-PetritBenjaminFlorianAngela.jpg\",\"width\":640,\"height\":280},{\"@type\":\"BreadcrumbList\",\"@id\":\"https:\\\/\\\/trasimenomusicfestival.com\\\/event\\\/chamber-music-in-magione-23\\\/#breadcrumb\",\"itemListElement\":[{\"@type\":\"ListItem\",\"position\":1,\"name\":\"Home\",\"item\":\"https:\\\/\\\/trasimenomusicfestival.com\\\/\"},{\"@type\":\"ListItem\",\"position\":2,\"name\":\"Events\",\"item\":\"https:\\\/\\\/trasimenomusicfestival.com\\\/it\\\/events\\\/\"},{\"@type\":\"ListItem\",\"position\":3,\"name\":\"Chamber Music in Magione\"}]},{\"@type\":\"WebSite\",\"@id\":\"https:\\\/\\\/trasimenomusicfestival.com\\\/#website\",\"url\":\"https:\\\/\\\/trasimenomusicfestival.com\\\/\",\"name\":\"Trasimeno Music Festival\",\"description\":\"Concerti estivi in Umbria e sulle rive del Lago Trasimeno.\",\"publisher\":{\"@id\":\"https:\\\/\\\/trasimenomusicfestival.com\\\/#organization\"},\"potentialAction\":[{\"@type\":\"SearchAction\",\"target\":{\"@type\":\"EntryPoint\",\"urlTemplate\":\"https:\\\/\\\/trasimenomusicfestival.com\\\/?s={search_term_string}\"},\"query-input\":{\"@type\":\"PropertyValueSpecification\",\"valueRequired\":true,\"valueName\":\"search_term_string\"}}],\"inLanguage\":\"it-IT\"},{\"@type\":\"Organization\",\"@id\":\"https:\\\/\\\/trasimenomusicfestival.com\\\/#organization\",\"name\":\"Trasimeno Music Festival\",\"url\":\"https:\\\/\\\/trasimenomusicfestival.com\\\/\",\"logo\":{\"@type\":\"ImageObject\",\"inLanguage\":\"it-IT\",\"@id\":\"https:\\\/\\\/trasimenomusicfestival.com\\\/#\\\/schema\\\/logo\\\/image\\\/\",\"url\":\"https:\\\/\\\/trasimenomusicfestival.com\\\/os\\\/wp-content\\\/uploads\\\/2018\\\/08\\\/TMF-logo.jpg\",\"contentUrl\":\"https:\\\/\\\/trasimenomusicfestival.com\\\/os\\\/wp-content\\\/uploads\\\/2018\\\/08\\\/TMF-logo.jpg\",\"width\":1280,\"height\":854,\"caption\":\"Trasimeno Music Festival\"},\"image\":{\"@id\":\"https:\\\/\\\/trasimenomusicfestival.com\\\/#\\\/schema\\\/logo\\\/image\\\/\"},\"sameAs\":[\"https:\\\/\\\/www.facebook.com\\\/pages\\\/Trasimeno-Music-Festival\\\/133308716785209\",\"https:\\\/\\\/x.com\\\/TrasimenoMusic\",\"https:\\\/\\\/www.youtube.com\\\/channel\\\/UC-FOdrJ8yYapx2cweIM3fYA\"]}]}<\/script>\n<!-- \/ Yoast SEO plugin. -->","yoast_head_json":{"title":"Musica da camera a Magione - Trasimeno Music Festival","description":"Petrit \u00c7eku, guitar and mandolin; Benjamin Schmid, violin; Florian Eggner, cello; Angela Hewitt, fortepiano \/ Beethoven, Mozart, Haydn, Boccherini, Paganini \/ Pre-concert talk with Eric Friesen and the artists at 8 p.m.","robots":{"index":"index","follow":"follow","max-snippet":"max-snippet:-1","max-image-preview":"max-image-preview:large","max-video-preview":"max-video-preview:-1"},"canonical":"https:\/\/trasimenomusicfestival.com\/event\/chamber-music-in-magione-23\/","twitter_card":"summary_large_image","twitter_title":"[:en]Chamber Music in Magione[:it]Musica da camera a Magione[:] - Trasimeno Music Festival","twitter_description":"Petrit \u00c7eku, guitar and mandolin; Benjamin Schmid, violin; Florian Eggner, cello; Angela Hewitt, fortepiano \/ Beethoven, Mozart, Haydn, Boccherini, Paganini \/ Pre-concert talk with Eric Friesen and the artists at 8 p.m.","twitter_image":"https:\/\/trasimenomusicfestival.com\/os\/wp-content\/uploads\/2023\/01\/TMF23_05-PetritBenjaminFlorianAngela.jpg","twitter_site":"@TrasimenoMusic","twitter_misc":{"Tempo di lettura stimato":"1 minuto"},"schema":{"@context":"https:\/\/schema.org","@graph":[{"@type":"WebPage","@id":"https:\/\/trasimenomusicfestival.com\/event\/chamber-music-in-magione-23\/","url":"https:\/\/trasimenomusicfestival.com\/event\/chamber-music-in-magione-23\/","name":"[:en]Chamber Music in Magione[:it]Musica da camera a Magione[:] - Trasimeno Music Festival","isPartOf":{"@id":"https:\/\/trasimenomusicfestival.com\/#website"},"primaryImageOfPage":{"@id":"https:\/\/trasimenomusicfestival.com\/event\/chamber-music-in-magione-23\/#primaryimage"},"image":{"@id":"https:\/\/trasimenomusicfestival.com\/event\/chamber-music-in-magione-23\/#primaryimage"},"thumbnailUrl":"https:\/\/trasimenomusicfestival.com\/os\/wp-content\/uploads\/2023\/01\/TMF23_05-PetritBenjaminFlorianAngela.jpg","datePublished":"2023-01-10T09:42:04+00:00","dateModified":"2023-06-28T12:20:45+00:00","description":"Petrit \u00c7eku, guitar and mandolin; Benjamin Schmid, violin; Florian Eggner, cello; Angela Hewitt, fortepiano \/ Beethoven, Mozart, Haydn, Boccherini, Paganini \/ Pre-concert talk with Eric Friesen and the artists at 8 p.m.","breadcrumb":{"@id":"https:\/\/trasimenomusicfestival.com\/event\/chamber-music-in-magione-23\/#breadcrumb"},"inLanguage":"it-IT","potentialAction":[{"@type":"ReadAction","target":["https:\/\/trasimenomusicfestival.com\/event\/chamber-music-in-magione-23\/"]}]},{"@type":"ImageObject","inLanguage":"it-IT","@id":"https:\/\/trasimenomusicfestival.com\/event\/chamber-music-in-magione-23\/#primaryimage","url":"https:\/\/trasimenomusicfestival.com\/os\/wp-content\/uploads\/2023\/01\/TMF23_05-PetritBenjaminFlorianAngela.jpg","contentUrl":"https:\/\/trasimenomusicfestival.com\/os\/wp-content\/uploads\/2023\/01\/TMF23_05-PetritBenjaminFlorianAngela.jpg","width":640,"height":280},{"@type":"BreadcrumbList","@id":"https:\/\/trasimenomusicfestival.com\/event\/chamber-music-in-magione-23\/#breadcrumb","itemListElement":[{"@type":"ListItem","position":1,"name":"Home","item":"https:\/\/trasimenomusicfestival.com\/"},{"@type":"ListItem","position":2,"name":"Events","item":"https:\/\/trasimenomusicfestival.com\/it\/events\/"},{"@type":"ListItem","position":3,"name":"Chamber Music in Magione"}]},{"@type":"WebSite","@id":"https:\/\/trasimenomusicfestival.com\/#website","url":"https:\/\/trasimenomusicfestival.com\/","name":"Trasimeno Music Festival","description":"Concerti estivi in Umbria e sulle rive del Lago Trasimeno.","publisher":{"@id":"https:\/\/trasimenomusicfestival.com\/#organization"},"potentialAction":[{"@type":"SearchAction","target":{"@type":"EntryPoint","urlTemplate":"https:\/\/trasimenomusicfestival.com\/?s={search_term_string}"},"query-input":{"@type":"PropertyValueSpecification","valueRequired":true,"valueName":"search_term_string"}}],"inLanguage":"it-IT"},{"@type":"Organization","@id":"https:\/\/trasimenomusicfestival.com\/#organization","name":"Trasimeno Music Festival","url":"https:\/\/trasimenomusicfestival.com\/","logo":{"@type":"ImageObject","inLanguage":"it-IT","@id":"https:\/\/trasimenomusicfestival.com\/#\/schema\/logo\/image\/","url":"https:\/\/trasimenomusicfestival.com\/os\/wp-content\/uploads\/2018\/08\/TMF-logo.jpg","contentUrl":"https:\/\/trasimenomusicfestival.com\/os\/wp-content\/uploads\/2018\/08\/TMF-logo.jpg","width":1280,"height":854,"caption":"Trasimeno Music Festival"},"image":{"@id":"https:\/\/trasimenomusicfestival.com\/#\/schema\/logo\/image\/"},"sameAs":["https:\/\/www.facebook.com\/pages\/Trasimeno-Music-Festival\/133308716785209","https:\/\/x.com\/TrasimenoMusic","https:\/\/www.youtube.com\/channel\/UC-FOdrJ8yYapx2cweIM3fYA"]}]}},"_links":{"self":[{"href":"https:\/\/trasimenomusicfestival.com\/it\/wp-json\/wp\/v2\/tribe_events\/8715","targetHints":{"allow":["GET"]}}],"collection":[{"href":"https:\/\/trasimenomusicfestival.com\/it\/wp-json\/wp\/v2\/tribe_events"}],"about":[{"href":"https:\/\/trasimenomusicfestival.com\/it\/wp-json\/wp\/v2\/types\/tribe_events"}],"author":[{"embeddable":true,"href":"https:\/\/trasimenomusicfestival.com\/it\/wp-json\/wp\/v2\/users\/2"}],"replies":[{"embeddable":true,"href":"https:\/\/trasimenomusicfestival.com\/it\/wp-json\/wp\/v2\/comments?post=8715"}],"version-history":[{"count":5,"href":"https:\/\/trasimenomusicfestival.com\/it\/wp-json\/wp\/v2\/tribe_events\/8715\/revisions"}],"predecessor-version":[{"id":9268,"href":"https:\/\/trasimenomusicfestival.com\/it\/wp-json\/wp\/v2\/tribe_events\/8715\/revisions\/9268"}],"wp:featuredmedia":[{"embeddable":true,"href":"https:\/\/trasimenomusicfestival.com\/it\/wp-json\/wp\/v2\/media\/8757"}],"wp:attachment":[{"href":"https:\/\/trasimenomusicfestival.com\/it\/wp-json\/wp\/v2\/media?parent=8715"}],"wp:term":[{"taxonomy":"post_tag","embeddable":true,"href":"https:\/\/trasimenomusicfestival.com\/it\/wp-json\/wp\/v2\/tags?post=8715"},{"taxonomy":"tribe_events_cat","embeddable":true,"href":"https:\/\/trasimenomusicfestival.com\/it\/wp-json\/wp\/v2\/tribe_events_cat?post=8715"}],"curies":[{"name":"wp","href":"https:\/\/api.w.org\/{rel}","templated":true}]}}